{"id":334,"date":"2014-01-07T22:52:37","date_gmt":"2014-01-07T22:52:37","guid":{"rendered":"http:\/\/sabine.stoffer.ch\/wordpress\/?page_id=334"},"modified":"2026-04-17T16:58:47","modified_gmt":"2026-04-17T16:58:47","slug":"cds","status":"publish","type":"page","link":"https:\/\/sabine.stoffer.ch\/wordpress\/cds\/","title":{"rendered":"CDs"},"content":{"rendered":"<p><img loading=\"lazy\" decoding=\"async\" class=\"aligncenter wp-image-1140\" src=\"https:\/\/sabine.stoffer.ch\/wordpress\/wp-content\/uploads\/2026\/04\/ilgeneroso-preview-300x300.jpg\" alt=\"\" width=\"250\" height=\"250\" srcset=\"https:\/\/sabine.stoffer.ch\/wordpress\/wp-content\/uploads\/2026\/04\/ilgeneroso-preview-300x300.jpg 300w, https:\/\/sabine.stoffer.ch\/wordpress\/wp-content\/uploads\/2026\/04\/ilgeneroso-preview.jpg 500w\" sizes=\"auto, (max-width: 250px) 100vw, 250px\" \/><\/p>\n<p style=\"text-align: center;\">&#8218;IL GENEROSO COR&#8216;<\/p>\n<p style=\"text-align: center;\">Suzanne Jerosme &#8211; Il Gusto Barocco &#8211; J\u00f6rg Halubek<\/p>\n<p style=\"text-align: center;\">Suzanne Jerosme, Sopran &#8211; J\u00f6rg Halubek, Orgel &amp; Leitung &#8211; Sabine Stoffer, Violine I &#8211; Rafael Becerra, Violine II &#8211; Zohar Alon-Shner, Viola &#8211; Jonathan Pe\u0161ek, Violoncello &#8211; Fred Uhlig, Violone &#8211; Pedro Alcacer, Laute &#8211; Chiara Granata, Harfe<\/p>\n<p style=\"text-align: center;\">Apart\u00e9, 10\/2025<\/p>\n<p><img loading=\"lazy\" decoding=\"async\" class=\"aligncenter wp-image-1073\" src=\"https:\/\/sabine.stoffer.ch\/wordpress\/wp-content\/uploads\/2024\/10\/GLuck.webp\" alt=\"\" width=\"250\" height=\"250\" \/><\/p>\n<p style=\"text-align: center;\">&#8218;GLUCK &#8211; IPHIGENIE EN AULIDE&#8216;<\/p>\n<p style=\"text-align: center;\">Le Concert de la Loge &#8211; Les Chantres du Centre de Musique Baroque de Versailles &#8211; Julien Chauvin (direction)<\/p>\n<p style=\"text-align: center;\">Judith van Wanroij (Iphig\u00e9nie) &#8211; St\u00e9phanie d&#8217;Oustrac (Clytemnestre) &#8211; Tassis Christoyannis (Agamemnon) &#8211; Cyrille Dubois (Achille) &#8211; Jean-S\u00e9bastien Bou (Calchas) &#8211; Le Concert de La Loge (mit Sabine Stoffer als Konzertmeisterin)<\/p>\n<p style=\"text-align: center;\">Alpha Classics, 10\/2024<\/p>\n<p><img loading=\"lazy\" decoding=\"async\" class=\"aligncenter wp-image-1077\" src=\"https:\/\/sabine.stoffer.ch\/wordpress\/wp-content\/uploads\/2024\/10\/Gusto.webp\" alt=\"\" width=\"250\" height=\"250\" \/><\/p>\n<p style=\"text-align: center;\">&#8218;BACH &#8211; SONATA &amp; CONCERTOS&#8216;<\/p>\n<div class=\"c-product-block__contributors\">\n<p style=\"text-align: center;\">J\u00f6rg Halubek &#8211;\u00a0 Il Gusto Barocco<\/p>\n<p style=\"text-align: center;\">J\u00f6rg Halubek, Orgel &#8211; Ana\u00efs Chen, Violine I &#8211; Sabine Stoffer, Violine II &#8211; Krishna Nagaraja, \u00a0Viola &#8211; Jonathan Pe\u0161ek, Violoncello &#8211; Fred Uhlig, Violone<\/p>\n<p style=\"text-align: center;\">Berlin Classics, 04\/2024<\/p>\n<\/div>\n<p><img loading=\"lazy\" decoding=\"async\" class=\"aligncenter wp-image-1074\" src=\"https:\/\/sabine.stoffer.ch\/wordpress\/wp-content\/uploads\/2024\/10\/2024-Vivaldi-Les-Quatre-Saisons-300x300.jpg\" alt=\"\" width=\"250\" height=\"250\" srcset=\"https:\/\/sabine.stoffer.ch\/wordpress\/wp-content\/uploads\/2024\/10\/2024-Vivaldi-Les-Quatre-Saisons-300x300.jpg 300w, https:\/\/sabine.stoffer.ch\/wordpress\/wp-content\/uploads\/2024\/10\/2024-Vivaldi-Les-Quatre-Saisons-1024x1024.jpg 1024w, https:\/\/sabine.stoffer.ch\/wordpress\/wp-content\/uploads\/2024\/10\/2024-Vivaldi-Les-Quatre-Saisons-1000x1000.jpg 1000w, https:\/\/sabine.stoffer.ch\/wordpress\/wp-content\/uploads\/2024\/10\/2024-Vivaldi-Les-Quatre-Saisons-768x768.jpg 768w, https:\/\/sabine.stoffer.ch\/wordpress\/wp-content\/uploads\/2024\/10\/2024-Vivaldi-Les-Quatre-Saisons.jpg 1090w\" sizes=\"auto, (max-width: 250px) 100vw, 250px\" \/><\/p>\n<p style=\"text-align: center;\">&#8218;VIVALDI &#8211; LE QUATTRO STAGIONI &#8211; LA FOLLIA&#8216;<\/p>\n<p style=\"text-align: center;\">Julien Chauvin, violin solo &#8211; Le Concert de la Loge<\/p>\n<div class=\"page\" title=\"Page 5\">\n<div class=\"layoutArea\">\n<div class=\"column\">\n<p style=\"text-align: center;\">Julien Chauvin, violon solo &#8211; Sabine Stoffer, violon I &#8211; Marieke Bouche, violon II &#8211;\u00a0 Pierre-E\u0301ric Nimylowycz, viola &#8211;\u00a0 Felix Knecht, cello &#8211; Michele Zeoli, double bass &#8211; Quito Gato, theorbo &amp; baroque guitar &#8211;\u00a0 Camille Delaforge, harpsichord<\/p>\n<p style=\"text-align: center;\">Alpha Classics, 03\/2024<\/p>\n<\/div>\n<\/div>\n<\/div>\n<p style=\"text-align: center;\"><img loading=\"lazy\" decoding=\"async\" class=\"aligncenter wp-image-919\" src=\"https:\/\/sabine.stoffer.ch\/wordpress\/wp-content\/uploads\/2022\/12\/Vivaldi-300x300.jpg\" alt=\"\" width=\"250\" height=\"250\" srcset=\"https:\/\/sabine.stoffer.ch\/wordpress\/wp-content\/uploads\/2022\/12\/Vivaldi-300x300.jpg 300w, https:\/\/sabine.stoffer.ch\/wordpress\/wp-content\/uploads\/2022\/12\/Vivaldi-1024x1024.jpg 1024w, https:\/\/sabine.stoffer.ch\/wordpress\/wp-content\/uploads\/2022\/12\/Vivaldi-150x150.jpg 150w, https:\/\/sabine.stoffer.ch\/wordpress\/wp-content\/uploads\/2022\/12\/Vivaldi-768x768.jpg 768w, https:\/\/sabine.stoffer.ch\/wordpress\/wp-content\/uploads\/2022\/12\/Vivaldi-1536x1536.jpg 1536w, https:\/\/sabine.stoffer.ch\/wordpress\/wp-content\/uploads\/2022\/12\/Vivaldi-2048x2048.jpg 2048w\" sizes=\"auto, (max-width: 250px) 100vw, 250px\" \/>&#8218;Vivaldi : Concerti per violino X \u00ab\u00a0Intorno a Pisendel\u00a0\u00bb&#8216;<\/p>\n<p style=\"text-align: center;\">Julien Chauvin, violin solo<\/p>\n<p style=\"text-align: center;\">Le Concert de la Loge\u00a0(with Sabine Stoffer as concertmaster)<\/p>\n<p style=\"text-align: center;\">Na\u00efve, 09\/2022<\/p>\n<p><img loading=\"lazy\" decoding=\"async\" class=\"aligncenter wp-image-892\" src=\"https:\/\/sabine.stoffer.ch\/wordpress\/wp-content\/uploads\/2021\/03\/Cover-Biber.jpg\" alt=\"\" width=\"250\" height=\"251\" srcset=\"https:\/\/sabine.stoffer.ch\/wordpress\/wp-content\/uploads\/2021\/03\/Cover-Biber.jpg 807w, https:\/\/sabine.stoffer.ch\/wordpress\/wp-content\/uploads\/2021\/03\/Cover-Biber-300x300.jpg 300w, https:\/\/sabine.stoffer.ch\/wordpress\/wp-content\/uploads\/2021\/03\/Cover-Biber-150x150.jpg 150w, https:\/\/sabine.stoffer.ch\/wordpress\/wp-content\/uploads\/2021\/03\/Cover-Biber-768x771.jpg 768w, https:\/\/sabine.stoffer.ch\/wordpress\/wp-content\/uploads\/2021\/03\/Cover-Biber-299x300.jpg 299w\" sizes=\"auto, (max-width: 250px) 100vw, 250px\" \/><\/p>\n<p style=\"text-align: center;\">&#8218;BIBER &#8211; HARMONIA ARTIFICIOSA-ARIOSA&#8216;<\/p>\n<p style=\"text-align: center;\">Meret L\u00fcthi &#8211; Sabine Stoffer &#8211; Les Passions de l&#8217;Ame<\/p>\n<p style=\"text-align: center;\">Meret L\u00fcthi (Violine\/Viola d&#8217;Amore\/Leitung) &#8211; Sabine Stoffer (Violine\/Viola d&#8217;Amore) &#8211; Anja-Regine Graewel (Viola) &#8211; Alexandre Foster &amp; Felix Knecht &amp; Rebecca Rosen (Cello) &#8211; Love Persson (Violone) &#8211; Julian Behr (Theorbe\/ Barockgitarre) &#8211; Ieva Saliete (Cembalo\/Orgel) &#8211; Margit \u00dcbellacker (Psalterion) &#8211; Peter Kuhnsch (Perkussion)<\/p>\n<p style=\"text-align: center;\">Sony, 03\/2021<\/p>\n<p style=\"text-align: center;\"><img loading=\"lazy\" decoding=\"async\" class=\"aligncenter wp-image-865\" src=\"https:\/\/sabine.stoffer.ch\/wordpress\/wp-content\/uploads\/2020\/07\/Divina_Cover_web.jpg\" alt=\"\" width=\"250\" height=\"248\" srcset=\"https:\/\/sabine.stoffer.ch\/wordpress\/wp-content\/uploads\/2020\/07\/Divina_Cover_web.jpg 2144w, https:\/\/sabine.stoffer.ch\/wordpress\/wp-content\/uploads\/2020\/07\/Divina_Cover_web-300x297.jpg 300w, https:\/\/sabine.stoffer.ch\/wordpress\/wp-content\/uploads\/2020\/07\/Divina_Cover_web-1024x1015.jpg 1024w, https:\/\/sabine.stoffer.ch\/wordpress\/wp-content\/uploads\/2020\/07\/Divina_Cover_web-150x150.jpg 150w, https:\/\/sabine.stoffer.ch\/wordpress\/wp-content\/uploads\/2020\/07\/Divina_Cover_web-768x762.jpg 768w, https:\/\/sabine.stoffer.ch\/wordpress\/wp-content\/uploads\/2020\/07\/Divina_Cover_web-1536x1523.jpg 1536w, https:\/\/sabine.stoffer.ch\/wordpress\/wp-content\/uploads\/2020\/07\/Divina_Cover_web-2048x2031.jpg 2048w, https:\/\/sabine.stoffer.ch\/wordpress\/wp-content\/uploads\/2020\/07\/Divina_Cover_web-303x300.jpg 303w\" sizes=\"auto, (max-width: 250px) 100vw, 250px\" \/>&#8218;DIVINA&#8216;<\/p>\n<p style=\"text-align: center;\">Les Passions de l&#8217;Ame<\/p>\n<p style=\"text-align: center;\">Meret L\u00fcthi (Violine\/Viola d&#8217;Amore\/Leitung) &#8211; Sabine Stoffer (Violine\/Viola d&#8217;Amore\/Viola) &#8211; Anja-Regine Graewel &amp; Sonoko Asabuki (Viola) &#8211; Alexandre Foster (Cello) &#8211; Love Persson (Violone) &#8211; Julian Behr (Theorbe\/ Barockgitarre) &#8211; Ieva Saliete (Cembalo\/Orgel) &#8211; Margit \u00dcbellacker (Psalterion) &#8211; Jonathan Sells &amp; Lisandro Abadie (Bass)<\/p>\n<p style=\"text-align: center;\">Sony, 06\/2020<\/p>\n<p style=\"text-align: center;\"><img loading=\"lazy\" decoding=\"async\" class=\"aligncenter wp-image-859\" src=\"https:\/\/sabine.stoffer.ch\/wordpress\/wp-content\/uploads\/2020\/02\/PCB.jpg\" alt=\"\" width=\"250\" height=\"250\" srcset=\"https:\/\/sabine.stoffer.ch\/wordpress\/wp-content\/uploads\/2020\/02\/PCB.jpg 1470w, https:\/\/sabine.stoffer.ch\/wordpress\/wp-content\/uploads\/2020\/02\/PCB-300x300.jpg 300w, https:\/\/sabine.stoffer.ch\/wordpress\/wp-content\/uploads\/2020\/02\/PCB-1024x1024.jpg 1024w, https:\/\/sabine.stoffer.ch\/wordpress\/wp-content\/uploads\/2020\/02\/PCB-150x150.jpg 150w, https:\/\/sabine.stoffer.ch\/wordpress\/wp-content\/uploads\/2020\/02\/PCB-768x768.jpg 768w\" sizes=\"auto, (max-width: 250px) 100vw, 250px\" \/><\/p>\n<p style=\"text-align: center;\">&#8218;TULLOCHGORUM &#8211; Haydn &#8211; Scottish Songs&#8216;<\/p>\n<p style=\"text-align: center;\">The Poker Club Band<\/p>\n<p style=\"text-align: center;\">Masako Art (Leitung\/Harfe), James Graham (Gesang), Edin Karamazov (Gitarre), Sabine Stoffer (Violine), Pierre-Augustin Lay (Violoncello)<\/p>\n<p style=\"text-align: center;\">BIS records, 01\/2020<\/p>\n<p style=\"text-align: center;\"><img loading=\"lazy\" decoding=\"async\" class=\"aligncenter wp-image-799\" src=\"https:\/\/sabine.stoffer.ch\/wordpress\/wp-content\/uploads\/2019\/09\/Unknown.jpeg\" alt=\"\" width=\"250\" height=\"250\" srcset=\"https:\/\/sabine.stoffer.ch\/wordpress\/wp-content\/uploads\/2019\/09\/Unknown.jpeg 225w, https:\/\/sabine.stoffer.ch\/wordpress\/wp-content\/uploads\/2019\/09\/Unknown-150x150.jpeg 150w\" sizes=\"auto, (max-width: 250px) 100vw, 250px\" \/><\/p>\n<p style=\"text-align: center;\">&#8218;Variety &#8211; The Art of Variation&#8216;<\/p>\n<p style=\"text-align: center;\">Les Passions de l&#8217;Ame<\/p>\n<p style=\"text-align: center;\">Meret L\u00fcthi (Violine\/Leitung) &#8211; Sabine Stoffer (Violine) &#8211;\u00a0Anja-Regine Graewel &amp; Bernadette Verhagen (Viola) &#8211;\u00a0Alexandre Foster (Violoncello) &#8211;\u00a0Love Persson (Violone) &#8211;\u00a0Julian Behr (Theorbe, Barockgitarre) &#8211;\u00a0Ieva Saliete (Cembalo\/Orgel) &#8211; Gabriele Gombi (Fagott) &#8211; Margit \u00dcbellacker (Psalterion) &#8211; Peter Kuhnsch (Perkussion)<\/p>\n<p style=\"text-align: center;\">Sony Switzerland, 09\/2019<\/p>\n<p style=\"text-align: center;\"><img loading=\"lazy\" decoding=\"async\" class=\"aligncenter wp-image-780\" src=\"https:\/\/sabine.stoffer.ch\/wordpress\/wp-content\/uploads\/2019\/01\/4staggioni.jpg\" alt=\"\" width=\"250\" height=\"250\" srcset=\"https:\/\/sabine.stoffer.ch\/wordpress\/wp-content\/uploads\/2019\/01\/4staggioni.jpg 600w, https:\/\/sabine.stoffer.ch\/wordpress\/wp-content\/uploads\/2019\/01\/4staggioni-150x150.jpg 150w, https:\/\/sabine.stoffer.ch\/wordpress\/wp-content\/uploads\/2019\/01\/4staggioni-300x300.jpg 300w\" sizes=\"auto, (max-width: 250px) 100vw, 250px\" \/><\/p>\n<p style=\"text-align: center;\">&#8218;Vivaldi: Le Quattro Stagioni&#8216;<\/p>\n<p style=\"text-align: center;\">Rachel Podger und Brecon Baroque<\/p>\n<p style=\"text-align: center;\">Rachel Podger (Violine\/Leitung) &#8211; Johannes Pramsohler &amp;\u00a0Sabine Stoffer (Violine) &#8211;\u00a0Jane Rogers (Viola) &#8211;\u00a0Alison McGillivray (Violoncello) &#8211;\u00a0Jan Spencer (Violone) &#8211;\u00a0Daniele Caminiti (Theorbe) &#8211;\u00a0Marcin \u015awi\u0105tkiewicz (Cembalo\/Orgel)<\/p>\n<p style=\"text-align: center;\">Channel Classics, 2018<\/p>\n<p style=\"text-align: center;\"><a href=\"https:\/\/sabine.stoffer.ch\/wordpress\/wp-content\/uploads\/2016\/10\/LNM.jpg\"><br \/>\n<img loading=\"lazy\" decoding=\"async\" class=\"aligncenter wp-image-612\" src=\"https:\/\/sabine.stoffer.ch\/wordpress\/wp-content\/uploads\/2018\/01\/a3146153464_10-300x297.jpg\" alt=\"\" width=\"250\" height=\"248\" srcset=\"https:\/\/sabine.stoffer.ch\/wordpress\/wp-content\/uploads\/2018\/01\/a3146153464_10-300x297.jpg 300w, https:\/\/sabine.stoffer.ch\/wordpress\/wp-content\/uploads\/2018\/01\/a3146153464_10-150x150.jpg 150w, https:\/\/sabine.stoffer.ch\/wordpress\/wp-content\/uploads\/2018\/01\/a3146153464_10-768x760.jpg 768w, https:\/\/sabine.stoffer.ch\/wordpress\/wp-content\/uploads\/2018\/01\/a3146153464_10-1024x1014.jpg 1024w, https:\/\/sabine.stoffer.ch\/wordpress\/wp-content\/uploads\/2018\/01\/a3146153464_10-303x300.jpg 303w, https:\/\/sabine.stoffer.ch\/wordpress\/wp-content\/uploads\/2018\/01\/a3146153464_10.jpg 1200w\" sizes=\"auto, (max-width: 250px) 100vw, 250px\" \/><\/a><\/p>\n<p class=\"artist_name hm_color_1 hm_font_1\" style=\"text-align: center;\">&#8218;Fantasia Incantata&#8216;<\/p>\n<p style=\"text-align: center;\">Ensemble Libro Primo<\/p>\n<p style=\"text-align: center;\">\u00a0Sabine Stoffer (Violine) &#8211; Alex McCartney\u00a0(Theorbe)<\/p>\n<p style=\"text-align: center;\">Veterum Musica, \u00a002\/2018<\/p>\n<p><img loading=\"lazy\" decoding=\"async\" class=\"aligncenter wp-image-801\" src=\"https:\/\/sabine.stoffer.ch\/wordpress\/wp-content\/uploads\/2019\/09\/Unknown-1.jpeg\" alt=\"\" width=\"250\" height=\"250\" srcset=\"https:\/\/sabine.stoffer.ch\/wordpress\/wp-content\/uploads\/2019\/09\/Unknown-1.jpeg 225w, https:\/\/sabine.stoffer.ch\/wordpress\/wp-content\/uploads\/2019\/09\/Unknown-1-150x150.jpeg 150w\" sizes=\"auto, (max-width: 250px) 100vw, 250px\" \/><\/p>\n<p style=\"text-align: center;\">&#8218;Schabernack &#8211; A treasure trove of musical jokes&#8216;<\/p>\n<p style=\"text-align: center;\">Les Passions de l&#8217;Ame<\/p>\n<p style=\"text-align: center;\">Meret L\u00fcthi (Violine\/Leitung) &#8211; Sabine Stoffer &amp; St\u00e9phanie Er\u00f6s (Violine) &#8211;\u00a0Anja-Regine Graewel &amp; Sonoko Asabuki &amp; Stella Mahrenholz &amp; Joanna Michalak (Viola) &#8211;\u00a0Rebecca Rosen (Violoncello) &#8211;\u00a0Love Persson (Violone) &#8211;\u00a0Julian Behr (Theorbe, Barockgitarre) &#8211;\u00a0Ieva Saliete (Cembalo\/Orgel) &#8211; \u00a0Margit \u00dcbellacker (Psalterion) &#8211; Peter Kuhnsch (Perkussion)<\/p>\n<p style=\"text-align: center;\">Sony Switzerland, 2017<\/p>\n<p><img loading=\"lazy\" decoding=\"async\" class=\"aligncenter wp-image-574\" src=\"https:\/\/sabine.stoffer.ch\/wordpress\/wp-content\/uploads\/2016\/10\/LNM.jpg\" alt=\"\" width=\"250\" height=\"248\" srcset=\"https:\/\/sabine.stoffer.ch\/wordpress\/wp-content\/uploads\/2016\/10\/LNM.jpg 1210w, https:\/\/sabine.stoffer.ch\/wordpress\/wp-content\/uploads\/2016\/10\/LNM-150x150.jpg 150w, https:\/\/sabine.stoffer.ch\/wordpress\/wp-content\/uploads\/2016\/10\/LNM-300x298.jpg 300w, https:\/\/sabine.stoffer.ch\/wordpress\/wp-content\/uploads\/2016\/10\/LNM-1024x1016.jpg 1024w, https:\/\/sabine.stoffer.ch\/wordpress\/wp-content\/uploads\/2016\/10\/LNM-303x300.jpg 303w\" sizes=\"auto, (max-width: 250px) 100vw, 250px\" \/><\/p>\n<p class=\"artist_name hm_color_1 hm_font_1\" style=\"text-align: center;\">&#8218;Fran\u00e7ois Couperin: Le\u00e7ons de T\u00e9n\u00e8bres&#8216;<\/p>\n<p style=\"text-align: center;\">La Nuova Musica<\/p>\n<p style=\"text-align: center;\">David Bates\u00a0(Orgel &amp; Leitung) &#8211; Lucy Crowe &amp;\u00a0Elisabeth Watts (Sopran) &#8211; Bojan \u010ci\u010di\u0107 &amp; Sabine Stoffer (Violine) &#8211; Jonathan Rees\u00a0(Gambe) &#8211; Alex McCartney\u00a0(Theorbe) &#8211; Judith Evans (Kontrabass) &#8211; Silas Wollston (Orgel)<\/p>\n<p style=\"text-align: center;\">Harmonia Mundi USA, \u00a009\/2016<\/p>\n<p style=\"text-align: center;\"><img loading=\"lazy\" decoding=\"async\" class=\"aligncenter wp-image-516 \" src=\"https:\/\/sabine.stoffer.ch\/wordpress\/wp-content\/uploads\/2016\/05\/Meridiana-300x300.jpg\" alt=\"\" width=\"239\" height=\"239\" \/>&#8218;Les Voyages de l&#8217;Amour&#8216;<\/p>\n<p style=\"text-align: center;\">Ensemble Meridiana<\/p>\n<p style=\"text-align: center;\">Sabine Stoffer (Violine) &#8211; Dominique Tinguely (Blockfl\u00f6te\/ Fagott) &#8211; Sarah Humphrys (Oboe, Blockfl\u00f6te) &#8211; Tore Eketorp (Gambe, Quinton) &#8211; Christian Kjos (Cembalo) &#8211; Mirko Arnone (Theorbe, Barockgitarre, Colascione)<\/p>\n<p style=\"text-align: center;\">Chaconne, Chandos, 05\/2016<\/p>\n<p style=\"text-align: center;\"><a href=\"https:\/\/sabine.stoffer.ch\/wordpress\/wp-content\/uploads\/2015\/03\/podger_lestro_armonico_brecon_baroque.jpg\"><img loading=\"lazy\" decoding=\"async\" class=\"aligncenter size-medium wp-image-447\" title=\"podger_lestro_armonico_brecon_baroque\" src=\"https:\/\/sabine.stoffer.ch\/wordpress\/wp-content\/uploads\/2015\/03\/podger_lestro_armonico_brecon_baroque-300x268.jpg\" alt=\"\" width=\"243\" height=\"217\" srcset=\"https:\/\/sabine.stoffer.ch\/wordpress\/wp-content\/uploads\/2015\/03\/podger_lestro_armonico_brecon_baroque-300x268.jpg 300w, https:\/\/sabine.stoffer.ch\/wordpress\/wp-content\/uploads\/2015\/03\/podger_lestro_armonico_brecon_baroque-335x300.jpg 335w, https:\/\/sabine.stoffer.ch\/wordpress\/wp-content\/uploads\/2015\/03\/podger_lestro_armonico_brecon_baroque.jpg 600w\" sizes=\"auto, (max-width: 243px) 100vw, 243px\" \/><\/a><\/p>\n<p style=\"text-align: center;\">&#8218;Vivaldi: L&#8217;Estro Armonico&#8216;<\/p>\n<p style=\"text-align: center;\">Rachel Podger und Brecon Baroque<\/p>\n<p style=\"text-align: center;\">Rachel Podger (Violine\/Leitung) &#8211;\u00a0Bojan \u010ci\u010di\u0107 &amp;\u00a0Johannes Pramsohler &amp;\u00a0Sabine Stoffer (Violine) &#8211;\u00a0Jane Rogers &amp; Ricardo Cuende Isuskiza\u00a0(Viola) &#8211;\u00a0Alison McGillivray (Violoncello) &#8211;\u00a0Jan Spencer (Violone) &#8211;\u00a0Daniele Caminiti &amp; David Miller\u00a0(Theorbe\/ Gitarre) &#8211;\u00a0Marcin \u015awi\u0105tkiewicz (Cembalo\/Orgel)<\/p>\n<p style=\"text-align: center;\">Channel Classics, 03\/2015<\/p>\n<p style=\"text-align: center;\"><a href=\"https:\/\/sabine.stoffer.ch\/wordpress\/wp-content\/uploads\/2014\/01\/5430.jpg\"><img loading=\"lazy\" decoding=\"async\" class=\"aligncenter wp-image-494\" src=\"https:\/\/sabine.stoffer.ch\/wordpress\/wp-content\/uploads\/2014\/01\/5430-300x300.jpg\" alt=\"5430\" width=\"252\" height=\"252\" srcset=\"https:\/\/sabine.stoffer.ch\/wordpress\/wp-content\/uploads\/2014\/01\/5430-300x300.jpg 300w, https:\/\/sabine.stoffer.ch\/wordpress\/wp-content\/uploads\/2014\/01\/5430-150x150.jpg 150w, https:\/\/sabine.stoffer.ch\/wordpress\/wp-content\/uploads\/2014\/01\/5430.jpg 400w\" sizes=\"auto, (max-width: 252px) 100vw, 252px\" \/><\/a><\/p>\n<p style=\"text-align: center;\">&#8218;Sacrifices&#8216;<\/p>\n<p style=\"text-align: center;\">La Nuova Musica, David Bates<\/p>\n<p style=\"text-align: center;\">Harmonia Mundi USA, 08\/2014<\/p>\n<p style=\"text-align: center;\"><img loading=\"lazy\" decoding=\"async\" class=\"aligncenter size-full wp-image-335\" title=\"Spicy - Exotic Music for Violin by Biber, Schmelzer &amp; Fux\" src=\"https:\/\/sabine.stoffer.ch\/wordpress\/wp-content\/uploads\/2014\/01\/0888837487429-e1389136176437.jpg\" alt=\"\" width=\"250\" height=\"230\" \/>&#8218;Spicy &#8211; Exotic Music for Violin by Biber, Schmelzer &amp;Fux&#8216;<\/p>\n<p style=\"text-align: center;\">Les Passions de l&#8217;Ame<\/p>\n<p style=\"text-align: center;\">Meret L\u00fcthi (Leitung und Violine) &#8211; Sabine Stoffer (Violine) &#8211; Matthias J\u00e4ggi (Viola) &#8211; Felix Knecht (Violoncello) &#8211; Love Persson (Violone) &#8211; Ieva Saliete (Cembalo\/Orgel) &#8211; Julian Behr (Theorbe\/Barockgitarre) &#8211; Margit \u00dcbellacker (Hackbrett) &#8211; Peter Kuhnsch (Schlagwerk)<\/p>\n<p style=\"text-align: center;\">Sony Switzerland, 09\/2013<\/p>\n<p style=\"text-align: center;\"><img loading=\"lazy\" decoding=\"async\" class=\"aligncenter size-full wp-image-350\" title=\"BB\" src=\"https:\/\/sabine.stoffer.ch\/wordpress\/wp-content\/uploads\/2014\/01\/34113_1-e1389137235616.jpg\" alt=\"\" width=\"250\" height=\"250\" \/>&#8218;J.S.Bach &#8211; Double &amp; Triple Concertos&#8216;<\/p>\n<p style=\"text-align: center;\">Rachel Podger und Brecon Baroque<\/p>\n<p style=\"text-align: center;\">Rachel Podger (Violine und Leitung) &#8211; Katy Bircher (Traverso) &#8211; Alexandra Bellamy (Oboe) &#8211;\u00a0Bojan Cicic &amp; Johannes Pramsohler &amp; Sabine Stoffer &amp; Ania Novak (Violine) &#8211; Jane Rogers (Viola) &#8211; Alison McGillivray (Violoncello) &#8211; Jan Spencer (Violone) &#8211; Marcin Swiatkiewicz (Cembalo)<\/p>\n<p style=\"text-align: center;\">Channel Classics, 2013<\/p>\n<p style=\"text-align: center;\"><img loading=\"lazy\" decoding=\"async\" class=\"aligncenter size-full wp-image-346\" title=\"La Gioia Armonica\" src=\"https:\/\/sabine.stoffer.ch\/wordpress\/wp-content\/uploads\/2014\/01\/4250128513029-e1389136616130.jpg\" alt=\"\" width=\"250\" height=\"222\" \/>&#8218;Portus Felicitatis &#8211; Motets &amp; Arias by Johann Georg Reutter&#8216;<\/p>\n<p style=\"text-align: center;\">Monika Mauch, Stanislava Jirk\u00f9, La Gioia Armonica<\/p>\n<p style=\"text-align: center;\">J\u00fcrgen Banholzer (Leitung und Orgel) &#8211; \u00a0Meret L\u00fcthi &amp; Sabine Stoffer (Violine) &#8211; Lucile Chionchini (Viola) &#8211; Felix Knecht (Violoncello) &#8211; Armin Bereuter (Violone) &#8211; Margit \u00dcbellacker (Psalterion) &#8211; Michael Freimuth (Archiluth\/ Theorbe)<\/p>\n<p style=\"text-align: center;\">Ram\u00e9e, Outhere Music, 05\/2012<\/p>\n<p style=\"text-align: center;\"><img loading=\"lazy\" decoding=\"async\" class=\"aligncenter size-full wp-image-344\" title=\"Telemann-Meridiana\" src=\"https:\/\/sabine.stoffer.ch\/wordpress\/wp-content\/uploads\/2014\/01\/Telemann-Europe-Vittes-e1389136149471.jpg\" alt=\"\" width=\"250\" height=\"245\" \/>&#8218;Tastes of Europe &#8211; Telemann Trios &amp; Quartets&#8216;<\/p>\n<p style=\"text-align: center;\">Ensemble Meridiana<\/p>\n<p style=\"text-align: center;\">Sabine Stoffer (Violine) &#8211; Dominique Tinguely (Blockfl\u00f6te\/ Fagott) &#8211; Sarah Humphrys (Oboe) &#8211; Tore Eketorp (Gambe) &#8211; Christian Kjos (Cembalo)<\/p>\n<p style=\"text-align: center;\">Linn Records, 03\/2010<\/p>\n<p><img loading=\"lazy\" decoding=\"async\" class=\"aligncenter wp-image-1140\" src=\"https:\/\/sabine.stoffer.ch\/wordpress\/wp-content\/uploads\/2026\/04\/ilgeneroso-preview-300x300.jpg\" alt=\"\" width=\"250\" height=\"250\" srcset=\"https:\/\/sabine.stoffer.ch\/wordpress\/wp-content\/uploads\/2026\/04\/ilgeneroso-preview-300x300.jpg 300w, https:\/\/sabine.stoffer.ch\/wordpress\/wp-content\/uploads\/2026\/04\/ilgeneroso-preview.jpg 500w\" sizes=\"auto, (max-width: 250px) 100vw, 250px\" \/><\/p>\n<p style=\"text-align: center;\">&#8218;IL GENEROSO COR&#8216;<\/p>\n<p style=\"text-align: center;\">Suzanne Jerosme &#8211; Il Gusto Barocco &#8211; J\u00f6rg Halubek<\/p>\n<p style=\"text-align: center;\">Suzanne Jerosme, Sopran &#8211; J\u00f6rg Halubek, Orgel &amp; Leitung &#8211; Sabine Stoffer, Violine I &#8211; Rafael Becerra, Violine II &#8211; Zohar Alon-Shner, Viola &#8211; Jonathan Pe\u0161ek, Violoncello &#8211; Fred Uhlig, Violone &#8211; Pedro Alcacer, Laute &#8211; Chiara Granata, Harfe<\/p>\n<p style=\"text-align: center;\">Apart\u00e9, 10\/2025<\/p>\n<p><img loading=\"lazy\" decoding=\"async\" class=\"aligncenter wp-image-1073\" src=\"https:\/\/sabine.stoffer.ch\/wordpress\/wp-content\/uploads\/2024\/10\/GLuck.webp\" alt=\"\" width=\"250\" height=\"250\" \/><\/p>\n<p style=\"text-align: center;\">&#8218;GLUCK &#8211; IPHIGENIE EN AULIDE&#8216;<\/p>\n<p style=\"text-align: center;\">Le Concert de la Loge &#8211; Les Chantres du Centre de Musique Baroque de Versailles &#8211; Julien Chauvin (direction)<\/p>\n<p style=\"text-align: center;\">Judith van Wanroij (Iphig\u00e9nie) &#8211; St\u00e9phanie d&#8217;Oustrac (Clytemnestre) &#8211; Tassis Christoyannis (Agamemnon) &#8211; Cyrille Dubois (Achille) &#8211; Jean-S\u00e9bastien Bou (Calchas) &#8211; Le Concert de La Loge (mit Sabine Stoffer als Konzertmeisterin)<\/p>\n<p style=\"text-align: center;\">Alpha Classics, 10\/2024<\/p>\n<p><img loading=\"lazy\" decoding=\"async\" class=\"aligncenter wp-image-1077\" src=\"https:\/\/sabine.stoffer.ch\/wordpress\/wp-content\/uploads\/2024\/10\/Gusto.webp\" alt=\"\" width=\"250\" height=\"250\" \/><\/p>\n<p style=\"text-align: center;\">&#8218;BACH &#8211; SONATA &amp; CONCERTOS&#8216;<\/p>\n<div class=\"c-product-block__contributors\">\n<p style=\"text-align: center;\">J\u00f6rg Halubek &#8211;\u00a0 Il Gusto Barocco<\/p>\n<p style=\"text-align: center;\">J\u00f6rg Halubek, Orgel &#8211; Ana\u00efs Chen, Violine I &#8211; Sabine Stoffer, Violine II &#8211; Krishna Nagaraja, \u00a0Viola &#8211; Jonathan Pe\u0161ek, Violoncello &#8211; Fred Uhlig, Violone<\/p>\n<p style=\"text-align: center;\">Berlin Classics, 04\/2024<\/p>\n<\/div>\n<p><img loading=\"lazy\" decoding=\"async\" class=\"aligncenter wp-image-1074\" src=\"https:\/\/sabine.stoffer.ch\/wordpress\/wp-content\/uploads\/2024\/10\/2024-Vivaldi-Les-Quatre-Saisons-300x300.jpg\" alt=\"\" width=\"250\" height=\"250\" srcset=\"https:\/\/sabine.stoffer.ch\/wordpress\/wp-content\/uploads\/2024\/10\/2024-Vivaldi-Les-Quatre-Saisons-300x300.jpg 300w, https:\/\/sabine.stoffer.ch\/wordpress\/wp-content\/uploads\/2024\/10\/2024-Vivaldi-Les-Quatre-Saisons-1024x1024.jpg 1024w, https:\/\/sabine.stoffer.ch\/wordpress\/wp-content\/uploads\/2024\/10\/2024-Vivaldi-Les-Quatre-Saisons-1000x1000.jpg 1000w, https:\/\/sabine.stoffer.ch\/wordpress\/wp-content\/uploads\/2024\/10\/2024-Vivaldi-Les-Quatre-Saisons-768x768.jpg 768w, https:\/\/sabine.stoffer.ch\/wordpress\/wp-content\/uploads\/2024\/10\/2024-Vivaldi-Les-Quatre-Saisons.jpg 1090w\" sizes=\"auto, (max-width: 250px) 100vw, 250px\" \/><\/p>\n<p style=\"text-align: center;\">&#8218;VIVALDI &#8211; LE QUATTRO STAGIONI &#8211; LA FOLLIA&#8216;<\/p>\n<p style=\"text-align: center;\">Julien Chauvin, violin solo &#8211; Le Concert de la Loge<\/p>\n<div class=\"page\" title=\"Page 5\">\n<div class=\"layoutArea\">\n<div class=\"column\">\n<p style=\"text-align: center;\">Julien Chauvin, violon solo &#8211; Sabine Stoffer, violon I &#8211; Marieke Bouche, violon II &#8211;\u00a0 Pierre-E\u0301ric Nimylowycz, viola &#8211;\u00a0 Felix Knecht, cello &#8211; Michele Zeoli, double bass &#8211; Quito Gato, theorbo &amp; baroque guitar &#8211;\u00a0 Camille Delaforge, harpsichord<\/p>\n<p style=\"text-align: center;\">Alpha Classics, 03\/2024<\/p>\n<\/div>\n<\/div>\n<\/div>\n<p style=\"text-align: center;\"><img loading=\"lazy\" decoding=\"async\" class=\"aligncenter wp-image-919\" src=\"https:\/\/sabine.stoffer.ch\/wordpress\/wp-content\/uploads\/2022\/12\/Vivaldi-300x300.jpg\" alt=\"\" width=\"250\" height=\"250\" srcset=\"https:\/\/sabine.stoffer.ch\/wordpress\/wp-content\/uploads\/2022\/12\/Vivaldi-300x300.jpg 300w, https:\/\/sabine.stoffer.ch\/wordpress\/wp-content\/uploads\/2022\/12\/Vivaldi-1024x1024.jpg 1024w, https:\/\/sabine.stoffer.ch\/wordpress\/wp-content\/uploads\/2022\/12\/Vivaldi-150x150.jpg 150w, https:\/\/sabine.stoffer.ch\/wordpress\/wp-content\/uploads\/2022\/12\/Vivaldi-768x768.jpg 768w, https:\/\/sabine.stoffer.ch\/wordpress\/wp-content\/uploads\/2022\/12\/Vivaldi-1536x1536.jpg 1536w, https:\/\/sabine.stoffer.ch\/wordpress\/wp-content\/uploads\/2022\/12\/Vivaldi-2048x2048.jpg 2048w\" sizes=\"auto, (max-width: 250px) 100vw, 250px\" \/>&#8218;Vivaldi : Concerti per violino X \u00ab\u00a0Intorno a Pisendel\u00a0\u00bb&#8216;<\/p>\n<p style=\"text-align: center;\">Julien Chauvin, violin solo<\/p>\n<p style=\"text-align: center;\">Le Concert de la Loge\u00a0(with Sabine Stoffer as concertmaster)<\/p>\n<p style=\"text-align: center;\">Na\u00efve, 09\/2022<\/p>\n<p><img loading=\"lazy\" decoding=\"async\" class=\"aligncenter wp-image-892\" src=\"https:\/\/sabine.stoffer.ch\/wordpress\/wp-content\/uploads\/2021\/03\/Cover-Biber.jpg\" alt=\"\" width=\"250\" height=\"251\" srcset=\"https:\/\/sabine.stoffer.ch\/wordpress\/wp-content\/uploads\/2021\/03\/Cover-Biber.jpg 807w, https:\/\/sabine.stoffer.ch\/wordpress\/wp-content\/uploads\/2021\/03\/Cover-Biber-300x300.jpg 300w, https:\/\/sabine.stoffer.ch\/wordpress\/wp-content\/uploads\/2021\/03\/Cover-Biber-150x150.jpg 150w, https:\/\/sabine.stoffer.ch\/wordpress\/wp-content\/uploads\/2021\/03\/Cover-Biber-768x771.jpg 768w, https:\/\/sabine.stoffer.ch\/wordpress\/wp-content\/uploads\/2021\/03\/Cover-Biber-299x300.jpg 299w\" sizes=\"auto, (max-width: 250px) 100vw, 250px\" \/><\/p>\n<p style=\"text-align: center;\">&#8218;BIBER &#8211; HARMONIA ARTIFICIOSA-ARIOSA&#8216;<\/p>\n<p style=\"text-align: center;\">Meret L\u00fcthi &#8211; Sabine Stoffer &#8211; Les Passions de l&#8217;Ame<\/p>\n<p style=\"text-align: center;\">Meret L\u00fcthi (Violine\/Viola d&#8217;Amore\/Leitung) &#8211; Sabine Stoffer (Violine\/Viola d&#8217;Amore) &#8211; Anja-Regine Graewel (Viola) &#8211; Alexandre Foster &amp; Felix Knecht &amp; Rebecca Rosen (Cello) &#8211; Love Persson (Violone) &#8211; Julian Behr (Theorbe\/ Barockgitarre) &#8211; Ieva Saliete (Cembalo\/Orgel) &#8211; Margit \u00dcbellacker (Psalterion) &#8211; Peter Kuhnsch (Perkussion)<\/p>\n<p style=\"text-align: center;\">Sony, 03\/2021<\/p>\n<p style=\"text-align: center;\"><img loading=\"lazy\" decoding=\"async\" class=\"aligncenter wp-image-865\" src=\"https:\/\/sabine.stoffer.ch\/wordpress\/wp-content\/uploads\/2020\/07\/Divina_Cover_web.jpg\" alt=\"\" width=\"250\" height=\"248\" srcset=\"https:\/\/sabine.stoffer.ch\/wordpress\/wp-content\/uploads\/2020\/07\/Divina_Cover_web.jpg 2144w, https:\/\/sabine.stoffer.ch\/wordpress\/wp-content\/uploads\/2020\/07\/Divina_Cover_web-300x297.jpg 300w, https:\/\/sabine.stoffer.ch\/wordpress\/wp-content\/uploads\/2020\/07\/Divina_Cover_web-1024x1015.jpg 1024w, https:\/\/sabine.stoffer.ch\/wordpress\/wp-content\/uploads\/2020\/07\/Divina_Cover_web-150x150.jpg 150w, https:\/\/sabine.stoffer.ch\/wordpress\/wp-content\/uploads\/2020\/07\/Divina_Cover_web-768x762.jpg 768w, https:\/\/sabine.stoffer.ch\/wordpress\/wp-content\/uploads\/2020\/07\/Divina_Cover_web-1536x1523.jpg 1536w, https:\/\/sabine.stoffer.ch\/wordpress\/wp-content\/uploads\/2020\/07\/Divina_Cover_web-2048x2031.jpg 2048w, https:\/\/sabine.stoffer.ch\/wordpress\/wp-content\/uploads\/2020\/07\/Divina_Cover_web-303x300.jpg 303w\" sizes=\"auto, (max-width: 250px) 100vw, 250px\" \/>&#8218;DIVINA&#8216;<\/p>\n<p style=\"text-align: center;\">Les Passions de l&#8217;Ame<\/p>\n<p style=\"text-align: center;\">Meret L\u00fcthi (Violine\/Viola d&#8217;Amore\/Leitung) &#8211; Sabine Stoffer (Violine\/Viola d&#8217;Amore\/Viola) &#8211; Anja-Regine Graewel &amp; Sonoko Asabuki (Viola) &#8211; Alexandre Foster (Cello) &#8211; Love Persson (Violone) &#8211; Julian Behr (Theorbe\/ Barockgitarre) &#8211; Ieva Saliete (Cembalo\/Orgel) &#8211; Margit \u00dcbellacker (Psalterion) &#8211; Jonathan Sells &amp; Lisandro Abadie (Bass)<\/p>\n<p style=\"text-align: center;\">Sony, 06\/2020<\/p>\n<p style=\"text-align: center;\"><img loading=\"lazy\" decoding=\"async\" class=\"aligncenter wp-image-859\" src=\"https:\/\/sabine.stoffer.ch\/wordpress\/wp-content\/uploads\/2020\/02\/PCB.jpg\" alt=\"\" width=\"250\" height=\"250\" srcset=\"https:\/\/sabine.stoffer.ch\/wordpress\/wp-content\/uploads\/2020\/02\/PCB.jpg 1470w, https:\/\/sabine.stoffer.ch\/wordpress\/wp-content\/uploads\/2020\/02\/PCB-300x300.jpg 300w, https:\/\/sabine.stoffer.ch\/wordpress\/wp-content\/uploads\/2020\/02\/PCB-1024x1024.jpg 1024w, https:\/\/sabine.stoffer.ch\/wordpress\/wp-content\/uploads\/2020\/02\/PCB-150x150.jpg 150w, https:\/\/sabine.stoffer.ch\/wordpress\/wp-content\/uploads\/2020\/02\/PCB-768x768.jpg 768w\" sizes=\"auto, (max-width: 250px) 100vw, 250px\" \/><\/p>\n<p style=\"text-align: center;\">&#8218;TULLOCHGORUM &#8211; Haydn &#8211; Scottish Songs&#8216;<\/p>\n<p style=\"text-align: center;\">The Poker Club Band<\/p>\n<p style=\"text-align: center;\">Masako Art (Leitung\/Harfe), James Graham (Gesang), Edin Karamazov (Gitarre), Sabine Stoffer (Violine), Pierre-Augustin Lay (Violoncello)<\/p>\n<p style=\"text-align: center;\">BIS records, 01\/2020<\/p>\n<p style=\"text-align: center;\"><img loading=\"lazy\" decoding=\"async\" class=\"aligncenter wp-image-799\" src=\"https:\/\/sabine.stoffer.ch\/wordpress\/wp-content\/uploads\/2019\/09\/Unknown.jpeg\" alt=\"\" width=\"250\" height=\"250\" srcset=\"https:\/\/sabine.stoffer.ch\/wordpress\/wp-content\/uploads\/2019\/09\/Unknown.jpeg 225w, https:\/\/sabine.stoffer.ch\/wordpress\/wp-content\/uploads\/2019\/09\/Unknown-150x150.jpeg 150w\" sizes=\"auto, (max-width: 250px) 100vw, 250px\" \/><\/p>\n<p style=\"text-align: center;\">&#8218;Variety &#8211; The Art of Variation&#8216;<\/p>\n<p style=\"text-align: center;\">Les Passions de l&#8217;Ame<\/p>\n<p style=\"text-align: center;\">Meret L\u00fcthi (Violine\/Leitung) &#8211; Sabine Stoffer (Violine) &#8211;\u00a0Anja-Regine Graewel &amp; Bernadette Verhagen (Viola) &#8211;\u00a0Alexandre Foster (Violoncello) &#8211;\u00a0Love Persson (Violone) &#8211;\u00a0Julian Behr (Theorbe, Barockgitarre) &#8211;\u00a0Ieva Saliete (Cembalo\/Orgel) &#8211; Gabriele Gombi (Fagott) &#8211; Margit \u00dcbellacker (Psalterion) &#8211; Peter Kuhnsch (Perkussion)<\/p>\n<p style=\"text-align: center;\">Sony Switzerland, 09\/2019<\/p>\n<p style=\"text-align: center;\"><img loading=\"lazy\" decoding=\"async\" class=\"aligncenter wp-image-780\" src=\"https:\/\/sabine.stoffer.ch\/wordpress\/wp-content\/uploads\/2019\/01\/4staggioni.jpg\" alt=\"\" width=\"250\" height=\"250\" srcset=\"https:\/\/sabine.stoffer.ch\/wordpress\/wp-content\/uploads\/2019\/01\/4staggioni.jpg 600w, https:\/\/sabine.stoffer.ch\/wordpress\/wp-content\/uploads\/2019\/01\/4staggioni-150x150.jpg 150w, https:\/\/sabine.stoffer.ch\/wordpress\/wp-content\/uploads\/2019\/01\/4staggioni-300x300.jpg 300w\" sizes=\"auto, (max-width: 250px) 100vw, 250px\" \/><\/p>\n<p style=\"text-align: center;\">&#8218;Vivaldi: Le Quattro Stagioni&#8216;<\/p>\n<p style=\"text-align: center;\">Rachel Podger und Brecon Baroque<\/p>\n<p style=\"text-align: center;\">Rachel Podger (Violine\/Leitung) &#8211; Johannes Pramsohler &amp;\u00a0Sabine Stoffer (Violine) &#8211;\u00a0Jane Rogers (Viola) &#8211;\u00a0Alison McGillivray (Violoncello) &#8211;\u00a0Jan Spencer (Violone) &#8211;\u00a0Daniele Caminiti (Theorbe) &#8211;\u00a0Marcin \u015awi\u0105tkiewicz (Cembalo\/Orgel)<\/p>\n<p style=\"text-align: center;\">Channel Classics, 2018<\/p>\n<p style=\"text-align: center;\"><a href=\"https:\/\/sabine.stoffer.ch\/wordpress\/wp-content\/uploads\/2016\/10\/LNM.jpg\"><br \/>\n<img loading=\"lazy\" decoding=\"async\" class=\"aligncenter wp-image-612\" src=\"https:\/\/sabine.stoffer.ch\/wordpress\/wp-content\/uploads\/2018\/01\/a3146153464_10-300x297.jpg\" alt=\"\" width=\"250\" height=\"248\" srcset=\"https:\/\/sabine.stoffer.ch\/wordpress\/wp-content\/uploads\/2018\/01\/a3146153464_10-300x297.jpg 300w, https:\/\/sabine.stoffer.ch\/wordpress\/wp-content\/uploads\/2018\/01\/a3146153464_10-150x150.jpg 150w, https:\/\/sabine.stoffer.ch\/wordpress\/wp-content\/uploads\/2018\/01\/a3146153464_10-768x760.jpg 768w, https:\/\/sabine.stoffer.ch\/wordpress\/wp-content\/uploads\/2018\/01\/a3146153464_10-1024x1014.jpg 1024w, https:\/\/sabine.stoffer.ch\/wordpress\/wp-content\/uploads\/2018\/01\/a3146153464_10-303x300.jpg 303w, https:\/\/sabine.stoffer.ch\/wordpress\/wp-content\/uploads\/2018\/01\/a3146153464_10.jpg 1200w\" sizes=\"auto, (max-width: 250px) 100vw, 250px\" \/><\/a><\/p>\n<p class=\"artist_name hm_color_1 hm_font_1\" style=\"text-align: center;\">&#8218;Fantasia Incantata&#8216;<\/p>\n<p style=\"text-align: center;\">Ensemble Libro Primo<\/p>\n<p style=\"text-align: center;\">\u00a0Sabine Stoffer (Violine) &#8211; Alex McCartney\u00a0(Theorbe)<\/p>\n<p style=\"text-align: center;\">Veterum Musica, \u00a002\/2018<\/p>\n<p><img loading=\"lazy\" decoding=\"async\" class=\"aligncenter wp-image-801\" src=\"https:\/\/sabine.stoffer.ch\/wordpress\/wp-content\/uploads\/2019\/09\/Unknown-1.jpeg\" alt=\"\" width=\"250\" height=\"250\" srcset=\"https:\/\/sabine.stoffer.ch\/wordpress\/wp-content\/uploads\/2019\/09\/Unknown-1.jpeg 225w, https:\/\/sabine.stoffer.ch\/wordpress\/wp-content\/uploads\/2019\/09\/Unknown-1-150x150.jpeg 150w\" sizes=\"auto, (max-width: 250px) 100vw, 250px\" \/><\/p>\n<p style=\"text-align: center;\">&#8218;Schabernack &#8211; A treasure trove of musical jokes&#8216;<\/p>\n<p style=\"text-align: center;\">Les Passions de l&#8217;Ame<\/p>\n<p style=\"text-align: center;\">Meret L\u00fcthi (Violine\/Leitung) &#8211; Sabine Stoffer &amp; St\u00e9phanie Er\u00f6s (Violine) &#8211;\u00a0Anja-Regine Graewel &amp; Sonoko Asabuki &amp; Stella Mahrenholz &amp; Joanna Michalak (Viola) &#8211;\u00a0Rebecca Rosen (Violoncello) &#8211;\u00a0Love Persson (Violone) &#8211;\u00a0Julian Behr (Theorbe, Barockgitarre) &#8211;\u00a0Ieva Saliete (Cembalo\/Orgel) &#8211; \u00a0Margit \u00dcbellacker (Psalterion) &#8211; Peter Kuhnsch (Perkussion)<\/p>\n<p style=\"text-align: center;\">Sony Switzerland, 2017<\/p>\n<p><img loading=\"lazy\" decoding=\"async\" class=\"aligncenter wp-image-574\" src=\"https:\/\/sabine.stoffer.ch\/wordpress\/wp-content\/uploads\/2016\/10\/LNM.jpg\" alt=\"\" width=\"250\" height=\"248\" srcset=\"https:\/\/sabine.stoffer.ch\/wordpress\/wp-content\/uploads\/2016\/10\/LNM.jpg 1210w, https:\/\/sabine.stoffer.ch\/wordpress\/wp-content\/uploads\/2016\/10\/LNM-150x150.jpg 150w, https:\/\/sabine.stoffer.ch\/wordpress\/wp-content\/uploads\/2016\/10\/LNM-300x298.jpg 300w, https:\/\/sabine.stoffer.ch\/wordpress\/wp-content\/uploads\/2016\/10\/LNM-1024x1016.jpg 1024w, https:\/\/sabine.stoffer.ch\/wordpress\/wp-content\/uploads\/2016\/10\/LNM-303x300.jpg 303w\" sizes=\"auto, (max-width: 250px) 100vw, 250px\" \/><\/p>\n<p class=\"artist_name hm_color_1 hm_font_1\" style=\"text-align: center;\">&#8218;Fran\u00e7ois Couperin: Le\u00e7ons de T\u00e9n\u00e8bres&#8216;<\/p>\n<p style=\"text-align: center;\">La Nuova Musica<\/p>\n<p style=\"text-align: center;\">David Bates\u00a0(Orgel &amp; Leitung) &#8211; Lucy Crowe &amp;\u00a0Elisabeth Watts (Sopran) &#8211; Bojan \u010ci\u010di\u0107 &amp; Sabine Stoffer (Violine) &#8211; Jonathan Rees\u00a0(Gambe) &#8211; Alex McCartney\u00a0(Theorbe) &#8211; Judith Evans (Kontrabass) &#8211; Silas Wollston (Orgel)<\/p>\n<p style=\"text-align: center;\">Harmonia Mundi USA, \u00a009\/2016<\/p>\n<p style=\"text-align: center;\"><img loading=\"lazy\" decoding=\"async\" class=\"aligncenter wp-image-516 \" src=\"https:\/\/sabine.stoffer.ch\/wordpress\/wp-content\/uploads\/2016\/05\/Meridiana-300x300.jpg\" alt=\"\" width=\"239\" height=\"239\" \/>&#8218;Les Voyages de l&#8217;Amour&#8216;<\/p>\n<p style=\"text-align: center;\">Ensemble Meridiana<\/p>\n<p style=\"text-align: center;\">Sabine Stoffer (Violine) &#8211; Dominique Tinguely (Blockfl\u00f6te\/ Fagott) &#8211; Sarah Humphrys (Oboe, Blockfl\u00f6te) &#8211; Tore Eketorp (Gambe, Quinton) &#8211; Christian Kjos (Cembalo) &#8211; Mirko Arnone (Theorbe, Barockgitarre, Colascione)<\/p>\n<p style=\"text-align: center;\">Chaconne, Chandos, 05\/2016<\/p>\n<p style=\"text-align: center;\"><a href=\"https:\/\/sabine.stoffer.ch\/wordpress\/wp-content\/uploads\/2015\/03\/podger_lestro_armonico_brecon_baroque.jpg\"><img loading=\"lazy\" decoding=\"async\" class=\"aligncenter size-medium wp-image-447\" title=\"podger_lestro_armonico_brecon_baroque\" src=\"https:\/\/sabine.stoffer.ch\/wordpress\/wp-content\/uploads\/2015\/03\/podger_lestro_armonico_brecon_baroque-300x268.jpg\" alt=\"\" width=\"243\" height=\"217\" srcset=\"https:\/\/sabine.stoffer.ch\/wordpress\/wp-content\/uploads\/2015\/03\/podger_lestro_armonico_brecon_baroque-300x268.jpg 300w, https:\/\/sabine.stoffer.ch\/wordpress\/wp-content\/uploads\/2015\/03\/podger_lestro_armonico_brecon_baroque-335x300.jpg 335w, https:\/\/sabine.stoffer.ch\/wordpress\/wp-content\/uploads\/2015\/03\/podger_lestro_armonico_brecon_baroque.jpg 600w\" sizes=\"auto, (max-width: 243px) 100vw, 243px\" \/><\/a><\/p>\n<p style=\"text-align: center;\">&#8218;Vivaldi: L&#8217;Estro Armonico&#8216;<\/p>\n<p style=\"text-align: center;\">Rachel Podger und Brecon Baroque<\/p>\n<p style=\"text-align: center;\">Rachel Podger (Violine\/Leitung) &#8211;\u00a0Bojan \u010ci\u010di\u0107 &amp;\u00a0Johannes Pramsohler &amp;\u00a0Sabine Stoffer (Violine) &#8211;\u00a0Jane Rogers &amp; Ricardo Cuende Isuskiza\u00a0(Viola) &#8211;\u00a0Alison McGillivray (Violoncello) &#8211;\u00a0Jan Spencer (Violone) &#8211;\u00a0Daniele Caminiti &amp; David Miller\u00a0(Theorbe\/ Gitarre) &#8211;\u00a0Marcin \u015awi\u0105tkiewicz (Cembalo\/Orgel)<\/p>\n<p style=\"text-align: center;\">Channel Classics, 03\/2015<\/p>\n<p style=\"text-align: center;\"><a href=\"https:\/\/sabine.stoffer.ch\/wordpress\/wp-content\/uploads\/2014\/01\/5430.jpg\"><img loading=\"lazy\" decoding=\"async\" class=\"aligncenter wp-image-494\" src=\"https:\/\/sabine.stoffer.ch\/wordpress\/wp-content\/uploads\/2014\/01\/5430-300x300.jpg\" alt=\"5430\" width=\"252\" height=\"252\" srcset=\"https:\/\/sabine.stoffer.ch\/wordpress\/wp-content\/uploads\/2014\/01\/5430-300x300.jpg 300w, https:\/\/sabine.stoffer.ch\/wordpress\/wp-content\/uploads\/2014\/01\/5430-150x150.jpg 150w, https:\/\/sabine.stoffer.ch\/wordpress\/wp-content\/uploads\/2014\/01\/5430.jpg 400w\" sizes=\"auto, (max-width: 252px) 100vw, 252px\" \/><\/a><\/p>\n<p style=\"text-align: center;\">&#8218;Sacrifices&#8216;<\/p>\n<p style=\"text-align: center;\">La Nuova Musica, David Bates<\/p>\n<p style=\"text-align: center;\">Harmonia Mundi USA, 08\/2014<\/p>\n<p style=\"text-align: center;\"><img loading=\"lazy\" decoding=\"async\" class=\"aligncenter size-full wp-image-335\" title=\"Spicy - Exotic Music for Violin by Biber, Schmelzer &amp; Fux\" src=\"https:\/\/sabine.stoffer.ch\/wordpress\/wp-content\/uploads\/2014\/01\/0888837487429-e1389136176437.jpg\" alt=\"\" width=\"250\" height=\"230\" \/>&#8218;Spicy &#8211; Exotic Music for Violin by Biber, Schmelzer &amp;Fux&#8216;<\/p>\n<p style=\"text-align: center;\">Les Passions de l&#8217;Ame<\/p>\n<p style=\"text-align: center;\">Meret L\u00fcthi (Leitung und Violine) &#8211; Sabine Stoffer (Violine) &#8211; Matthias J\u00e4ggi (Viola) &#8211; Felix Knecht (Violoncello) &#8211; Love Persson (Violone) &#8211; Ieva Saliete (Cembalo\/Orgel) &#8211; Julian Behr (Theorbe\/Barockgitarre) &#8211; Margit \u00dcbellacker (Hackbrett) &#8211; Peter Kuhnsch (Schlagwerk)<\/p>\n<p style=\"text-align: center;\">Sony Switzerland, 09\/2013<\/p>\n<p style=\"text-align: center;\"><img loading=\"lazy\" decoding=\"async\" class=\"aligncenter size-full wp-image-350\" title=\"BB\" src=\"https:\/\/sabine.stoffer.ch\/wordpress\/wp-content\/uploads\/2014\/01\/34113_1-e1389137235616.jpg\" alt=\"\" width=\"250\" height=\"250\" \/>&#8218;J.S.Bach &#8211; Double &amp; Triple Concertos&#8216;<\/p>\n<p style=\"text-align: center;\">Rachel Podger und Brecon Baroque<\/p>\n<p style=\"text-align: center;\">Rachel Podger (Violine und Leitung) &#8211; Katy Bircher (Traverso) &#8211; Alexandra Bellamy (Oboe) &#8211;\u00a0Bojan Cicic &amp; Johannes Pramsohler &amp; Sabine Stoffer &amp; Ania Novak (Violine) &#8211; Jane Rogers (Viola) &#8211; Alison McGillivray (Violoncello) &#8211; Jan Spencer (Violone) &#8211; Marcin Swiatkiewicz (Cembalo)<\/p>\n<p style=\"text-align: center;\">Channel Classics, 2013<\/p>\n<p style=\"text-align: center;\"><img loading=\"lazy\" decoding=\"async\" class=\"aligncenter size-full wp-image-346\" title=\"La Gioia Armonica\" src=\"https:\/\/sabine.stoffer.ch\/wordpress\/wp-content\/uploads\/2014\/01\/4250128513029-e1389136616130.jpg\" alt=\"\" width=\"250\" height=\"222\" \/>&#8218;Portus Felicitatis &#8211; Motets &amp; Arias by Johann Georg Reutter&#8216;<\/p>\n<p style=\"text-align: center;\">Monika Mauch, Stanislava Jirk\u00f9, La Gioia Armonica<\/p>\n<p style=\"text-align: center;\">J\u00fcrgen Banholzer (Leitung und Orgel) &#8211; \u00a0Meret L\u00fcthi &amp; Sabine Stoffer (Violine) &#8211; Lucile Chionchini (Viola) &#8211; Felix Knecht (Violoncello) &#8211; Armin Bereuter (Violone) &#8211; Margit \u00dcbellacker (Psalterion) &#8211; Michael Freimuth (Archiluth\/ Theorbe)<\/p>\n<p style=\"text-align: center;\">Ram\u00e9e, Outhere Music, 05\/2012<\/p>\n<p style=\"text-align: center;\"><img loading=\"lazy\" decoding=\"async\" class=\"aligncenter size-full wp-image-344\" title=\"Telemann-Meridiana\" src=\"https:\/\/sabine.stoffer.ch\/wordpress\/wp-content\/uploads\/2014\/01\/Telemann-Europe-Vittes-e1389136149471.jpg\" alt=\"\" width=\"250\" height=\"245\" \/>&#8218;Tastes of Europe &#8211; Telemann Trios &amp; Quartets&#8216;<\/p>\n<p style=\"text-align: center;\">Ensemble Meridiana<\/p>\n<p style=\"text-align: center;\">Sabine Stoffer (Violine) &#8211; Dominique Tinguely (Blockfl\u00f6te\/ Fagott) &#8211; Sarah Humphrys (Oboe) &#8211; Tore Eketorp (Gambe) &#8211; Christian Kjos (Cembalo)<\/p>\n<p style=\"text-align: center;\">Linn Records, 03\/2010<\/p>\n<p><\/p>","protected":false},"excerpt":{"rendered":"<p>&#8218;IL GENEROSO COR&#8216; Suzanne Jerosme &#8211; Il Gusto Barocco &#8211; J\u00f6rg Halubek Suzanne Jerosme, Sopran &#8211; J\u00f6rg Halubek, Orgel &amp; Leitung &#8211; Sabine Stoffer, Violine I &#8211; Rafael Becerra, Violine II &#8211; Zohar Alon-Shner, Viola &#8211; Jonathan Pe\u0161ek, Violoncello &#8211; &hellip; <a href=\"https:\/\/sabine.stoffer.ch\/wordpress\/cds\/\">Weiterlesen <span class=\"meta-nav\">&rarr;<\/span><\/a><\/p>\n","protected":false},"author":1,"featured_media":0,"parent":0,"menu_order":4,"comment_status":"closed","ping_status":"closed","template":"sidebar-page.php","meta":{"footnotes":""},"class_list":["post-334","page","type-page","status-publish","hentry"],"_links":{"self":[{"href":"https:\/\/sabine.stoffer.ch\/wordpress\/wp-json\/wp\/v2\/pages\/334","targetHints":{"allow":["GET"]}}],"collection":[{"href":"https:\/\/sabine.stoffer.ch\/wordpress\/wp-json\/wp\/v2\/pages"}],"about":[{"href":"https:\/\/sabine.stoffer.ch\/wordpress\/wp-json\/wp\/v2\/types\/page"}],"author":[{"embeddable":true,"href":"https:\/\/sabine.stoffer.ch\/wordpress\/wp-json\/wp\/v2\/users\/1"}],"replies":[{"embeddable":true,"href":"https:\/\/sabine.stoffer.ch\/wordpress\/wp-json\/wp\/v2\/comments?post=334"}],"version-history":[{"count":42,"href":"https:\/\/sabine.stoffer.ch\/wordpress\/wp-json\/wp\/v2\/pages\/334\/revisions"}],"predecessor-version":[{"id":1166,"href":"https:\/\/sabine.stoffer.ch\/wordpress\/wp-json\/wp\/v2\/pages\/334\/revisions\/1166"}],"wp:attachment":[{"href":"https:\/\/sabine.stoffer.ch\/wordpress\/wp-json\/wp\/v2\/media?parent=334"}],"curies":[{"name":"wp","href":"https:\/\/api.w.org\/{rel}","templated":true}]}}